{"id":1246,"date":"2023-09-07T09:42:30","date_gmt":"2023-09-07T07:42:30","guid":{"rendered":"https:\/\/www.werkenbijseatsandsofas.be\/accueil\/"},"modified":"2024-05-16T13:56:12","modified_gmt":"2024-05-16T11:56:12","slug":"accueil","status":"publish","type":"page","link":"https:\/\/www.werkenbijseatsandsofas.be\/fr\/","title":{"rendered":"Accueil"},"content":{"rendered":"\t\t<div data-elementor-type=\"wp-page\" data-elementor-id=\"1246\" class=\"elementor elementor-1246 elementor-55\" data-elementor-post-type=\"page\">\n\t\t\t\t\t\t<section class=\"elementor-section elementor-top-section elementor-element elementor-element-f3f7886 elementor-hidden-desktop elementor-hidden-tablet elementor-section-boxed elementor-section-height-default elementor-section-height-default\" data-id=\"f3f7886\" data-element_type=\"section\">\n\t\t\t\t\t\t<div class=\"elementor-container elementor-column-gap-default\">\n\t\t\t\t\t<div class=\"elementor-column elementor-col-100 elementor-top-column elementor-element elementor-element-2f3488e\" data-id=\"2f3488e\" data-element_type=\"column\">\n\t\t\t<div class=\"elementor-widget-wrap elementor-element-populated\">\n\t\t\t\t\t\t<div class=\"elementor-element elementor-element-704454b elementor-widget elementor-widget-image\" data-id=\"704454b\" data-element_type=\"widget\" data-widget_type=\"image.default\">\n\t\t\t\t<div class=\"elementor-widget-container\">\n\t\t\t\t\t\t\t\t\t\t\t\t\t\t\t<img decoding=\"async\" width=\"342\" height=\"114\" src=\"https:\/\/cdn.werkenbijseatsandsofas.be\/app\/uploads\/sites\/7\/2023\/09\/logo-seats-mobiel.png?strip=all&amp;lossy=1&amp;avif=65&amp;sharp=1&amp;ssl=1\" class=\"attachment-full size-full wp-image-609\" alt=\"Werken bij Seats and Sofas\" srcset=\"https:\/\/cdn.werkenbijseatsandsofas.be\/app\/uploads\/sites\/7\/2023\/09\/logo-seats-mobiel.png?strip=all&amp;lossy=1&amp;avif=65&amp;sharp=1&amp;ssl=1 342w, https:\/\/cdn.werkenbijseatsandsofas.be\/app\/uploads\/sites\/7\/2023\/09\/logo-seats-mobiel-300x100.png?strip=all&amp;lossy=1&amp;avif=65&amp;sharp=1&amp;ssl=1 300w, https:\/\/cdn.werkenbijseatsandsofas.be\/app\/uploads\/sites\/7\/2023\/09\/logo-seats-mobiel.png?strip=all&amp;lossy=1&amp;avif=65&amp;sharp=1&amp;w=68&amp;ssl=1 68w, https:\/\/cdn.werkenbijseatsandsofas.be\/app\/uploads\/sites\/7\/2023\/09\/logo-seats-mobiel.png?strip=all&amp;lossy=1&amp;avif=65&amp;sharp=1&amp;w=136&amp;ssl=1 136w, https:\/\/cdn.werkenbijseatsandsofas.be\/app\/uploads\/sites\/7\/2023\/09\/logo-seats-mobiel.png?strip=all&amp;lossy=1&amp;avif=65&amp;sharp=1&amp;w=205&amp;ssl=1 205w\" sizes=\"(max-width: 342px) 100vw, 342px\" \/>\t\t\t\t\t\t\t\t\t\t\t\t\t\t\t<\/div>\n\t\t\t\t<\/div>\n\t\t\t\t<div class=\"elementor-element elementor-element-794e03d elementor-mobile-align-center elementor-tablet-align-center elementor-align-center elementor-widget-mobile__width-inherit elementor-widget elementor-widget-button\" data-id=\"794e03d\" data-element_type=\"widget\" data-widget_type=\"button.default\">\n\t\t\t\t<div class=\"elementor-widget-container\">\n\t\t\t\t\t\t\t\t\t<div class=\"elementor-button-wrapper\">\n\t\t\t\t\t<a class=\"elementor-button elementor-button-link elementor-size-md\" href=\"https:\/\/www.werkenbijseatsandsofas.be\/fr\/postes-vacants\/\">\n\t\t\t\t\t\t<span class=\"elementor-button-content-wrapper\">\n\t\t\t\t\t\t\t\t\t<span class=\"elementor-button-text\">Directement vers nos offres d'emploi<\/span>\n\t\t\t\t\t<\/span>\n\t\t\t\t\t<\/a>\n\t\t\t\t<\/div>\n\t\t\t\t\t\t\t\t<\/div>\n\t\t\t\t<\/div>\n\t\t\t\t\t<\/div>\n\t\t<\/div>\n\t\t\t\t\t<\/div>\n\t\t<\/section>\n\t\t<div class=\"elementor-element elementor-element-655ee81 elementor-hidden-mobile e-flex e-con-boxed e-con e-parent\" data-id=\"655ee81\" data-element_type=\"container\">\n\t\t\t\t\t<div class=\"e-con-inner\">\n\t\t\t\t<div class=\"elementor-element elementor-element-5b6b3c5 elementor-hidden-mobile elementor-widget elementor-widget-heading\" data-id=\"5b6b3c5\" data-element_type=\"widget\" data-widget_type=\"heading.default\">\n\t\t\t\t<div class=\"elementor-widget-container\">\n\t\t\t\t\t<h2 class=\"elementor-heading-title elementor-size-default\"> Quelles sont les possibilit\u00e9s qui s'offrent \u00e0 vous?<\/h2>\t\t\t\t<\/div>\n\t\t\t\t<\/div>\n\t\t\t\t<div class=\"elementor-element elementor-element-f8f55cb elementor-widget-divider--view-line elementor-widget elementor-widget-divider\" data-id=\"f8f55cb\" data-element_type=\"widget\" data-widget_type=\"divider.default\">\n\t\t\t\t<div class=\"elementor-widget-container\">\n\t\t\t\t\t\t\t<div class=\"elementor-divider\">\n\t\t\t<span class=\"elementor-divider-separator\">\n\t\t\t\t\t\t<\/span>\n\t\t<\/div>\n\t\t\t\t\t\t<\/div>\n\t\t\t\t<\/div>\n\t\t\t\t\t<\/div>\n\t\t\t\t<\/div>\n\t\t<div class=\"elementor-element elementor-element-df1b7fc elementor-hidden-desktop elementor-hidden-tablet e-flex e-con-boxed e-con e-parent\" data-id=\"df1b7fc\" data-element_type=\"container\">\n\t\t\t\t\t<div class=\"e-con-inner\">\n\t\t\t\t<div class=\"elementor-element elementor-element-6bbe034 elementor-hidden-desktop elementor-hidden-tablet elementor-widget elementor-widget-heading\" data-id=\"6bbe034\" data-element_type=\"widget\" data-widget_type=\"heading.default\">\n\t\t\t\t<div class=\"elementor-widget-container\">\n\t\t\t\t\t<h2 class=\"elementor-heading-title elementor-size-default\">Quelles sont les possibilit\u00e9s qui s'offrent \u00e0 vous?<\/h2>\t\t\t\t<\/div>\n\t\t\t\t<\/div>\n\t\t\t\t<div class=\"elementor-element elementor-element-504ba7c elementor-hidden-desktop elementor-hidden-tablet elementor-widget-divider--view-line elementor-widget elementor-widget-divider\" data-id=\"504ba7c\" data-element_type=\"widget\" data-widget_type=\"divider.default\">\n\t\t\t\t<div class=\"elementor-widget-container\">\n\t\t\t\t\t\t\t<div class=\"elementor-divider\">\n\t\t\t<span class=\"elementor-divider-separator\">\n\t\t\t\t\t\t<\/span>\n\t\t<\/div>\n\t\t\t\t\t\t<\/div>\n\t\t\t\t<\/div>\n\t\t\t\t\t<\/div>\n\t\t\t\t<\/div>\n\t\t<div class=\"elementor-element elementor-element-77bf7e7 e-flex e-con-boxed e-con e-parent\" data-id=\"77bf7e7\" data-element_type=\"container\">\n\t\t\t\t\t<div class=\"e-con-inner\">\n\t\t<a class=\"elementor-element elementor-element-0e1a22a e-flex e-con-boxed e-con e-child\" data-id=\"0e1a22a\" data-element_type=\"container\" data-settings=\"{&quot;background_background&quot;:&quot;classic&quot;}\" href=\"https:\/\/www.werkenbijseatsandsofas.be\/fr\/postes-vacants\/?_groupe_professionnel=vente\">\n\t\t\t\t\t<div class=\"e-con-inner\">\n\t\t\t\t<div class=\"elementor-element elementor-element-140518c elementor-widget elementor-widget-heading\" data-id=\"140518c\" data-element_type=\"widget\" data-widget_type=\"heading.default\">\n\t\t\t\t<div class=\"elementor-widget-container\">\n\t\t\t\t\t<h3 class=\"elementor-heading-title elementor-size-default\">Vente<\/h3>\t\t\t\t<\/div>\n\t\t\t\t<\/div>\n\t\t\t\t\t<\/div>\n\t\t\t\t<\/a>\n\t\t<a class=\"elementor-element elementor-element-26a6917 e-flex e-con-boxed e-con e-child\" data-id=\"26a6917\" data-element_type=\"container\" data-settings=\"{&quot;background_background&quot;:&quot;classic&quot;}\" href=\"https:\/\/www.werkenbijseatsandsofas.be\/fr\/postes-vacants\/?_groupe_professionnel=bureau\">\n\t\t\t\t\t<div class=\"e-con-inner\">\n\t\t\t\t<div class=\"elementor-element elementor-element-8388e8f elementor-widget elementor-widget-heading\" data-id=\"8388e8f\" data-element_type=\"widget\" data-widget_type=\"heading.default\">\n\t\t\t\t<div class=\"elementor-widget-container\">\n\t\t\t\t\t<h3 class=\"elementor-heading-title elementor-size-default\">Bureau<\/h3>\t\t\t\t<\/div>\n\t\t\t\t<\/div>\n\t\t\t\t\t<\/div>\n\t\t\t\t<\/a>\n\t\t<a class=\"elementor-element elementor-element-7cb0332 e-flex e-con-boxed e-con e-child\" data-id=\"7cb0332\" data-element_type=\"container\" data-settings=\"{&quot;background_background&quot;:&quot;classic&quot;}\" href=\"https:\/\/www.werkenbijseatsandsofas.be\/fr\/postes-vacants\/?_groupe_professionnel=logistique\">\n\t\t\t\t\t<div class=\"e-con-inner\">\n\t\t\t\t<div class=\"elementor-element elementor-element-67d71dd elementor-widget elementor-widget-heading\" data-id=\"67d71dd\" data-element_type=\"widget\" data-widget_type=\"heading.default\">\n\t\t\t\t<div class=\"elementor-widget-container\">\n\t\t\t\t\t<h3 class=\"elementor-heading-title elementor-size-default\">Logistique<\/h3>\t\t\t\t<\/div>\n\t\t\t\t<\/div>\n\t\t\t\t\t<\/div>\n\t\t\t\t<\/a>\n\t\t\t\t\t<\/div>\n\t\t\t\t<\/div>\n\t\t<div class=\"elementor-element elementor-element-f98fa4c e-flex e-con-boxed e-con e-parent\" data-id=\"f98fa4c\" data-element_type=\"container\" data-settings=\"{&quot;background_background&quot;:&quot;classic&quot;,&quot;shape_divider_bottom&quot;:&quot;tilt&quot;}\">\n\t\t\t\t\t<div class=\"e-con-inner\">\n\t\t\t\t<div class=\"elementor-shape elementor-shape-bottom\" aria-hidden=\"true\" data-negative=\"false\">\n\t\t\t<svg xmlns=\"http:\/\/www.w3.org\/2000\/svg\" viewBox=\"0 0 1000 100\" preserveAspectRatio=\"none\">\n\t<path class=\"elementor-shape-fill\" d=\"M0,6V0h1000v100L0,6z\"\/>\n<\/svg>\t\t<\/div>\n\t\t<div class=\"elementor-element elementor-element-78a057e e-flex e-con-boxed e-con e-child\" data-id=\"78a057e\" data-element_type=\"container\" data-settings=\"{&quot;background_background&quot;:&quot;classic&quot;}\">\n\t\t\t\t\t<div class=\"e-con-inner\">\n\t\t<div class=\"elementor-element elementor-element-f6e094c e-con-full e-flex e-con e-child\" data-id=\"f6e094c\" data-element_type=\"container\" data-settings=\"{&quot;background_background&quot;:&quot;classic&quot;}\">\n\t\t\t\t<div class=\"elementor-element elementor-element-e421eac elementor-widget elementor-widget-heading\" data-id=\"e421eac\" data-element_type=\"widget\" data-widget_type=\"heading.default\">\n\t\t\t\t<div class=\"elementor-widget-container\">\n\t\t\t\t\t<h2 class=\"elementor-heading-title elementor-size-default\">A propos de nous<\/h2>\t\t\t\t<\/div>\n\t\t\t\t<\/div>\n\t\t\t\t<div class=\"elementor-element elementor-element-1f381ee elementor-widget elementor-widget-text-editor\" data-id=\"1f381ee\" data-element_type=\"widget\" data-widget_type=\"text-editor.default\">\n\t\t\t\t<div class=\"elementor-widget-container\">\n\t\t\t\t\t\t\t\t\t<p>Seats and Sofas est le sp\u00e9cialiste europ\u00e9en du mobilier d&#8217;assise. Travailler chez Seats and Sofas, c&#8217;est travailler au sein d&#8217;une \u00e9quipe enthousiaste et faire partie d&#8217;une entreprise en pleine croissance o\u00f9 vous aurez toutes les chances de vous \u00e9panouir. M\u00eame si vous travaillez \u00e0 temps partiel ou, par exemple, le week-end. Parce que&#8230; \u00e7a n&#8217;existe pas chez Seats and Sofas. Que vous optiez pour la vente, le Front Desk, la logistique ou un poste au si\u00e8ge social, chez Seats and Sofas, tout se passe bien ! Vous \u00eates enthousiaste ? Alors jetez un coup d&#8217;\u0153il \u00e0 nos <a href=\"\/fr\/postes-vacants\/\"><strong>offres d&#8217;emploi<\/strong><\/a>!<\/p>\n\t\t\t\t\t\t\t\t<\/div>\n\t\t\t\t<\/div>\n\t\t\t\t<\/div>\n\t\t<div class=\"elementor-element elementor-element-b9f7620 e-flex e-con-boxed e-con e-child\" data-id=\"b9f7620\" data-element_type=\"container\" data-settings=\"{&quot;background_background&quot;:&quot;classic&quot;}\">\n\t\t\t\t\t<div class=\"e-con-inner\">\n\t\t\t\t\t<\/div>\n\t\t\t\t<\/div>\n\t\t\t\t\t<\/div>\n\t\t\t\t<\/div>\n\t\t\t\t\t<\/div>\n\t\t\t\t<\/div>\n\t\t<div class=\"elementor-element elementor-element-85b7011 e-flex e-con-boxed e-con e-parent\" data-id=\"85b7011\" data-element_type=\"container\">\n\t\t\t\t\t<div class=\"e-con-inner\">\n\t\t\t\t<div class=\"elementor-element elementor-element-eacaafd elementor-widget elementor-widget-video\" data-id=\"eacaafd\" data-element_type=\"widget\" data-settings=\"{&quot;youtube_url&quot;:&quot;https:\\\/\\\/youtu.be\\\/_1spJeQvfy4&quot;,&quot;video_type&quot;:&quot;youtube&quot;,&quot;controls&quot;:&quot;yes&quot;}\" data-widget_type=\"video.default\">\n\t\t\t\t<div class=\"elementor-widget-container\">\n\t\t\t\t\t\t\t<div class=\"elementor-wrapper elementor-open-inline\">\n\t\t\t<div class=\"elementor-video\"><\/div>\t\t<\/div>\n\t\t\t\t\t\t<\/div>\n\t\t\t\t<\/div>\n\t\t\t\t\t<\/div>\n\t\t\t\t<\/div>\n\t\t\t\t<\/div>\n\t\t","protected":false},"excerpt":{"rendered":"<p>Directement vers nos offres d&#8217;emploi Quelles sont les possibilit\u00e9s qui s&#8217;offrent \u00e0 vous? Quelles sont les possibilit\u00e9s qui s&#8217;offrent \u00e0 vous? Vente Bureau Logistique A propos de nous Seats and Sofas est le sp\u00e9cialiste europ\u00e9en du mobilier d&#8217;assise. Travailler chez Seats and Sofas, c&#8217;est travailler au sein d&#8217;une \u00e9quipe enthousiaste et faire partie d&#8217;une entreprise [&hellip;]<\/p>\n","protected":false},"author":30,"featured_media":0,"parent":0,"menu_order":0,"comment_status":"closed","ping_status":"closed","template":"","meta":{"_acf_changed":false,"footnotes":""},"class_list":["post-1246","page","type-page","status-publish","hentry"],"acf":[],"yoast_head":"<!-- This site is optimized with the Yoast SEO plugin v24.9 - https:\/\/yoast.com\/wordpress\/plugins\/seo\/ -->\n<title>Travailler chez Seats and Sofas | Offres d&#039;emploi<\/title>\n<meta name=\"description\" content=\"Travailler chez Seats et Sofas. Qu&#039;est-ce qui vous convient le mieux ? Vente, Comptoir, Logistique ou Bureau. Chez Seats and Sofas, vous \u00eates au bon endroit ! \u27a4 Consultez nos offres d&#039;emploi ici\" \/>\n<meta name=\"robots\" content=\"index, follow, max-snippet:-1, max-image-preview:large, max-video-preview:-1\" \/>\n<link rel=\"canonical\" href=\"https:\/\/www.werkenbijseatsandsofas.be\/fr\/\" \/>\n<meta property=\"og:locale\" content=\"fr_FR\" \/>\n<meta property=\"og:type\" content=\"article\" \/>\n<meta property=\"og:title\" content=\"Travailler chez Seats and Sofas | Offres d&#039;emploi\" \/>\n<meta property=\"og:description\" content=\"Travailler chez Seats et Sofas. Qu&#039;est-ce qui vous convient le mieux ? Vente, Comptoir, Logistique ou Bureau. Chez Seats and Sofas, vous \u00eates au bon endroit ! \u27a4 Consultez nos offres d&#039;emploi ici\" \/>\n<meta property=\"og:url\" content=\"https:\/\/www.werkenbijseatsandsofas.be\/fr\/\" \/>\n<meta property=\"og:site_name\" content=\"Travailler chez Seats and Sofas\" \/>\n<meta property=\"article:modified_time\" content=\"2024-05-16T11:56:12+00:00\" \/>\n<meta property=\"og:image\" content=\"https:\/\/werkenbij.seatsandsofas.com\/app\/uploads\/sites\/7\/2023\/09\/logo-seats-mobiel.png\" \/>\n<meta name=\"twitter:card\" content=\"summary_large_image\" \/>\n<meta name=\"twitter:label1\" content=\"Est. reading time\" \/>\n\t<meta name=\"twitter:data1\" content=\"1 minute\" \/>\n<script type=\"application\/ld+json\" class=\"yoast-schema-graph\">{\"@context\":\"https:\/\/schema.org\",\"@graph\":[{\"@type\":\"WebPage\",\"@id\":\"https:\/\/www.werkenbijseatsandsofas.be\/fr\/\",\"url\":\"https:\/\/www.werkenbijseatsandsofas.be\/fr\/\",\"name\":\"Travailler chez Seats and Sofas | Offres d'emploi\",\"isPartOf\":{\"@id\":\"https:\/\/www.werkenbijseatsandsofas.be\/fr\/#website\"},\"primaryImageOfPage\":{\"@id\":\"https:\/\/www.werkenbijseatsandsofas.be\/fr\/#primaryimage\"},\"image\":{\"@id\":\"https:\/\/www.werkenbijseatsandsofas.be\/fr\/#primaryimage\"},\"thumbnailUrl\":\"https:\/\/werkenbij.seatsandsofas.com\/app\/uploads\/sites\/7\/2023\/09\/logo-seats-mobiel.png\",\"datePublished\":\"2023-09-07T07:42:30+00:00\",\"dateModified\":\"2024-05-16T11:56:12+00:00\",\"description\":\"Travailler chez Seats et Sofas. Qu'est-ce qui vous convient le mieux ? Vente, Comptoir, Logistique ou Bureau. Chez Seats and Sofas, vous \u00eates au bon endroit ! \u27a4 Consultez nos offres d'emploi ici\",\"inLanguage\":\"fr-BE\",\"potentialAction\":[{\"@type\":\"ReadAction\",\"target\":[\"https:\/\/www.werkenbijseatsandsofas.be\/fr\/\"]}]},{\"@type\":\"ImageObject\",\"inLanguage\":\"fr-BE\",\"@id\":\"https:\/\/www.werkenbijseatsandsofas.be\/fr\/#primaryimage\",\"url\":\"https:\/\/werkenbij.seatsandsofas.com\/app\/uploads\/sites\/7\/2023\/09\/logo-seats-mobiel.png\",\"contentUrl\":\"https:\/\/werkenbij.seatsandsofas.com\/app\/uploads\/sites\/7\/2023\/09\/logo-seats-mobiel.png\"},{\"@type\":\"WebSite\",\"@id\":\"https:\/\/www.werkenbijseatsandsofas.be\/fr\/#website\",\"url\":\"https:\/\/www.werkenbijseatsandsofas.be\/fr\/\",\"name\":\"Travailler chez Seats and Sofas\",\"description\":\"Bij Seats and sofas zit je goed\",\"publisher\":{\"@id\":\"https:\/\/www.werkenbijseatsandsofas.be\/fr\/#organization\"},\"potentialAction\":[{\"@type\":\"SearchAction\",\"target\":{\"@type\":\"EntryPoint\",\"urlTemplate\":\"https:\/\/www.werkenbijseatsandsofas.be\/fr\/?s={search_term_string}\"},\"query-input\":{\"@type\":\"PropertyValueSpecification\",\"valueRequired\":true,\"valueName\":\"search_term_string\"}}],\"inLanguage\":\"fr-BE\"},{\"@type\":\"Organization\",\"@id\":\"https:\/\/www.werkenbijseatsandsofas.be\/fr\/#organization\",\"name\":\"Travailler chez Seats and Sofas\",\"url\":\"https:\/\/www.werkenbijseatsandsofas.be\/fr\/\",\"logo\":{\"@type\":\"ImageObject\",\"inLanguage\":\"fr-BE\",\"@id\":\"https:\/\/www.werkenbijseatsandsofas.be\/fr\/#\/schema\/logo\/image\/\",\"url\":\"https:\/\/cdn.werkenbijseatsandsofas.be\/app\/uploads\/sites\/7\/2024\/05\/30Jaar_FR-160x160-1.png?strip=all&lossy=1&avif=65&sharp=1&ssl=1\",\"contentUrl\":\"https:\/\/cdn.werkenbijseatsandsofas.be\/app\/uploads\/sites\/7\/2024\/05\/30Jaar_FR-160x160-1.png?strip=all&lossy=1&avif=65&sharp=1&ssl=1\",\"width\":160,\"height\":160,\"caption\":\"Travailler chez Seats and Sofas\"},\"image\":{\"@id\":\"https:\/\/www.werkenbijseatsandsofas.be\/fr\/#\/schema\/logo\/image\/\"}}]}<\/script>\n<!-- \/ Yoast SEO plugin. -->","yoast_head_json":{"title":"Travailler chez Seats and Sofas | Offres d'emploi","description":"Travailler chez Seats et Sofas. Qu'est-ce qui vous convient le mieux ? Vente, Comptoir, Logistique ou Bureau. Chez Seats and Sofas, vous \u00eates au bon endroit ! \u27a4 Consultez nos offres d'emploi ici","robots":{"index":"index","follow":"follow","max-snippet":"max-snippet:-1","max-image-preview":"max-image-preview:large","max-video-preview":"max-video-preview:-1"},"canonical":"https:\/\/www.werkenbijseatsandsofas.be\/fr\/","og_locale":"fr_FR","og_type":"article","og_title":"Travailler chez Seats and Sofas | Offres d'emploi","og_description":"Travailler chez Seats et Sofas. Qu'est-ce qui vous convient le mieux ? Vente, Comptoir, Logistique ou Bureau. Chez Seats and Sofas, vous \u00eates au bon endroit ! \u27a4 Consultez nos offres d'emploi ici","og_url":"https:\/\/www.werkenbijseatsandsofas.be\/fr\/","og_site_name":"Travailler chez Seats and Sofas","article_modified_time":"2024-05-16T11:56:12+00:00","og_image":[{"url":"https:\/\/werkenbij.seatsandsofas.com\/app\/uploads\/sites\/7\/2023\/09\/logo-seats-mobiel.png","type":"","width":"","height":""}],"twitter_card":"summary_large_image","twitter_misc":{"Est. reading time":"1 minute"},"schema":{"@context":"https:\/\/schema.org","@graph":[{"@type":"WebPage","@id":"https:\/\/www.werkenbijseatsandsofas.be\/fr\/","url":"https:\/\/www.werkenbijseatsandsofas.be\/fr\/","name":"Travailler chez Seats and Sofas | Offres d'emploi","isPartOf":{"@id":"https:\/\/www.werkenbijseatsandsofas.be\/fr\/#website"},"primaryImageOfPage":{"@id":"https:\/\/www.werkenbijseatsandsofas.be\/fr\/#primaryimage"},"image":{"@id":"https:\/\/www.werkenbijseatsandsofas.be\/fr\/#primaryimage"},"thumbnailUrl":"https:\/\/werkenbij.seatsandsofas.com\/app\/uploads\/sites\/7\/2023\/09\/logo-seats-mobiel.png","datePublished":"2023-09-07T07:42:30+00:00","dateModified":"2024-05-16T11:56:12+00:00","description":"Travailler chez Seats et Sofas. Qu'est-ce qui vous convient le mieux ? Vente, Comptoir, Logistique ou Bureau. Chez Seats and Sofas, vous \u00eates au bon endroit ! \u27a4 Consultez nos offres d'emploi ici","inLanguage":"fr-BE","potentialAction":[{"@type":"ReadAction","target":["https:\/\/www.werkenbijseatsandsofas.be\/fr\/"]}]},{"@type":"ImageObject","inLanguage":"fr-BE","@id":"https:\/\/www.werkenbijseatsandsofas.be\/fr\/#primaryimage","url":"https:\/\/werkenbij.seatsandsofas.com\/app\/uploads\/sites\/7\/2023\/09\/logo-seats-mobiel.png","contentUrl":"https:\/\/werkenbij.seatsandsofas.com\/app\/uploads\/sites\/7\/2023\/09\/logo-seats-mobiel.png"},{"@type":"WebSite","@id":"https:\/\/www.werkenbijseatsandsofas.be\/fr\/#website","url":"https:\/\/www.werkenbijseatsandsofas.be\/fr\/","name":"Travailler chez Seats and Sofas","description":"Bij Seats and sofas zit je goed","publisher":{"@id":"https:\/\/www.werkenbijseatsandsofas.be\/fr\/#organization"},"potentialAction":[{"@type":"SearchAction","target":{"@type":"EntryPoint","urlTemplate":"https:\/\/www.werkenbijseatsandsofas.be\/fr\/?s={search_term_string}"},"query-input":{"@type":"PropertyValueSpecification","valueRequired":true,"valueName":"search_term_string"}}],"inLanguage":"fr-BE"},{"@type":"Organization","@id":"https:\/\/www.werkenbijseatsandsofas.be\/fr\/#organization","name":"Travailler chez Seats and Sofas","url":"https:\/\/www.werkenbijseatsandsofas.be\/fr\/","logo":{"@type":"ImageObject","inLanguage":"fr-BE","@id":"https:\/\/www.werkenbijseatsandsofas.be\/fr\/#\/schema\/logo\/image\/","url":"https:\/\/cdn.werkenbijseatsandsofas.be\/app\/uploads\/sites\/7\/2024\/05\/30Jaar_FR-160x160-1.png?strip=all&lossy=1&avif=65&sharp=1&ssl=1","contentUrl":"https:\/\/cdn.werkenbijseatsandsofas.be\/app\/uploads\/sites\/7\/2024\/05\/30Jaar_FR-160x160-1.png?strip=all&lossy=1&avif=65&sharp=1&ssl=1","width":160,"height":160,"caption":"Travailler chez Seats and Sofas"},"image":{"@id":"https:\/\/www.werkenbijseatsandsofas.be\/fr\/#\/schema\/logo\/image\/"}}]}},"_links":{"self":[{"href":"https:\/\/www.werkenbijseatsandsofas.be\/fr\/wp-json\/wp\/v2\/pages\/1246","targetHints":{"allow":["GET"]}}],"collection":[{"href":"https:\/\/www.werkenbijseatsandsofas.be\/fr\/wp-json\/wp\/v2\/pages"}],"about":[{"href":"https:\/\/www.werkenbijseatsandsofas.be\/fr\/wp-json\/wp\/v2\/types\/page"}],"author":[{"embeddable":true,"href":"https:\/\/www.werkenbijseatsandsofas.be\/fr\/wp-json\/wp\/v2\/users\/30"}],"replies":[{"embeddable":true,"href":"https:\/\/www.werkenbijseatsandsofas.be\/fr\/wp-json\/wp\/v2\/comments?post=1246"}],"version-history":[{"count":46,"href":"https:\/\/www.werkenbijseatsandsofas.be\/fr\/wp-json\/wp\/v2\/pages\/1246\/revisions"}],"predecessor-version":[{"id":1584,"href":"https:\/\/www.werkenbijseatsandsofas.be\/fr\/wp-json\/wp\/v2\/pages\/1246\/revisions\/1584"}],"wp:attachment":[{"href":"https:\/\/www.werkenbijseatsandsofas.be\/fr\/wp-json\/wp\/v2\/media?parent=1246"}],"curies":[{"name":"wp","href":"https:\/\/api.w.org\/{rel}","templated":true}]}}